{"id":3142,"date":"2023-03-08T12:54:36","date_gmt":"2023-03-08T11:54:36","guid":{"rendered":"https:\/\/maybeless-sugar.ch\/agenda\/"},"modified":"2026-04-21T08:23:13","modified_gmt":"2026-04-21T06:23:13","slug":"agenda","status":"publish","type":"page","link":"https:\/\/maybeless-sugar.ch\/de\/agenda\/","title":{"rendered":"Agenda"},"content":{"rendered":"\t<div id=\"block-grid_events-block_88ce06eaceeb78505fbe67fc2900fda9\" class=\"block-event \">\n\t\t<div class=\"grid md:grid-cols-3 gap-10\">\n\t\t\t\t\t\t\t\t\t\t\t<a href=\"https:\/\/maybeless-sugar.ch\/de\/agenda\/infostand-maybe-less-sugar-bbz-solothurn-grenchen\/\" class=\"bg-gray-light rounded-xl overflow-hidden group hover:bg-primary transition-all post-9224 agenda type-agenda status-publish has-post-thumbnail hentry\">\n\n                <div class=\"relative p-4 bg-neutral-900 bg-opacity-80 overflow-hidden\">\n            <div class=\"absolute top-0 left-0 w-full h-full bg-center bg-no-repeat bg-cover blur-lg opacity-40\" style=\"background-image:url('https:\/\/maybeless-sugar.ch\/wp-content\/uploads\/2026\/04\/Capture-decran_28-4-2026_103711_www.bing_.com_.jpeg');\"><\/div>\n            <div class=\"relative aspect-square overflow-hidden\">\n                <div class=\"absolute top-0 left-0 w-full h-full bg-center bg-no-repeat bg-contain drop-shadow-md\" style=\"background-image:url('https:\/\/maybeless-sugar.ch\/wp-content\/uploads\/2026\/04\/Capture-decran_28-4-2026_103711_www.bing_.com_.jpeg');\"><\/div>\n            <\/div>\n        <\/div>\n    \n        <div class=\"p-8\">\n\n                    <div class=\"flex items-center gap-2 mb-4\">\n                <i class=\"text-primary fa-sharp fa-solid fa-location-dot group-hover:text-white\"><\/i>\n                <span class=\"text-xs font-bold text-gray-500 font-display group-hover:text-white\">Solothurn<\/span>\n            <\/div>\n        \n                <div class=\"flex flex-col mb-4\">\n                            <span class=\"inline-flex text-lg text-primary group-hover:text-white font-display\">\n                    7 Mai 2026                <\/span>\n                                        <span class=\"inline-flex text-lg text-black\/30 group-hover:text-white font-display\">\n                     \u279e 15:15                <\/span>\n                    <\/div>\n\n                <h3 class=\"mb-2 group-hover:text-white\">Infostand MAYbe Less Sugar (BBZ Solothurn \u2013 Grenchen)<\/h3>\n\n                \n    <\/div>\n<\/a>\t\t\t\t\t\t\t\t\t\t\t<a href=\"https:\/\/maybeless-sugar.ch\/de\/agenda\/praeventions-und-infoveranstaltung-saelipark-olten\/\" class=\"bg-gray-light rounded-xl overflow-hidden group hover:bg-primary transition-all post-9206 agenda type-agenda status-publish has-post-thumbnail hentry\">\n\n                <div class=\"relative p-4 bg-neutral-900 bg-opacity-80 overflow-hidden\">\n            <div class=\"absolute top-0 left-0 w-full h-full bg-center bg-no-repeat bg-cover blur-lg opacity-40\" style=\"background-image:url('https:\/\/maybeless-sugar.ch\/wp-content\/uploads\/2025\/03\/diabetessolothurn_2015_transp-1024x305.png');\"><\/div>\n            <div class=\"relative aspect-square overflow-hidden\">\n                <div class=\"absolute top-0 left-0 w-full h-full bg-center bg-no-repeat bg-contain drop-shadow-md\" style=\"background-image:url('https:\/\/maybeless-sugar.ch\/wp-content\/uploads\/2025\/03\/diabetessolothurn_2015_transp-1024x305.png');\"><\/div>\n            <\/div>\n        <\/div>\n    \n        <div class=\"p-8\">\n\n                    <div class=\"flex items-center gap-2 mb-4\">\n                <i class=\"text-primary fa-sharp fa-solid fa-location-dot group-hover:text-white\"><\/i>\n                <span class=\"text-xs font-bold text-gray-500 font-display group-hover:text-white\">Olten<\/span>\n            <\/div>\n        \n                <div class=\"flex flex-col mb-4\">\n                            <span class=\"inline-flex text-lg text-primary group-hover:text-white font-display\">\n                    9 Mai 2026                <\/span>\n                                        <span class=\"inline-flex text-lg text-black\/30 group-hover:text-white font-display\">\n                     \u279e 18:00                <\/span>\n                    <\/div>\n\n                <h3 class=\"mb-2 group-hover:text-white\">Pr\u00e4ventions- und Infoveranstaltung S\u00e4lipark Olten<\/h3>\n\n                \n    <\/div>\n<\/a>\t\t\t\t\t\t\t\t\t\t\t<a href=\"https:\/\/maybeless-sugar.ch\/de\/agenda\/gesunde-ernaehrung-heks-vitalina\/\" class=\"bg-gray-light rounded-xl overflow-hidden group hover:bg-primary transition-all post-9208 agenda type-agenda status-publish has-post-thumbnail hentry\">\n\n                <div class=\"relative p-4 bg-neutral-900 bg-opacity-80 overflow-hidden\">\n            <div class=\"absolute top-0 left-0 w-full h-full bg-center bg-no-repeat bg-cover blur-lg opacity-40\" style=\"background-image:url('https:\/\/maybeless-sugar.ch\/wp-content\/uploads\/2026\/04\/original-8D8E4F8E-90E5-4265-BC40-090B6E5CCDAD-002-819x1024.png');\"><\/div>\n            <div class=\"relative aspect-square overflow-hidden\">\n                <div class=\"absolute top-0 left-0 w-full h-full bg-center bg-no-repeat bg-contain drop-shadow-md\" style=\"background-image:url('https:\/\/maybeless-sugar.ch\/wp-content\/uploads\/2026\/04\/original-8D8E4F8E-90E5-4265-BC40-090B6E5CCDAD-002-819x1024.png');\"><\/div>\n            <\/div>\n        <\/div>\n    \n        <div class=\"p-8\">\n\n                    <div class=\"flex items-center gap-2 mb-4\">\n                <i class=\"text-primary fa-sharp fa-solid fa-location-dot group-hover:text-white\"><\/i>\n                <span class=\"text-xs font-bold text-gray-500 font-display group-hover:text-white\">Basel<\/span>\n            <\/div>\n        \n                <div class=\"flex flex-col mb-4\">\n                            <span class=\"inline-flex text-lg text-primary group-hover:text-white font-display\">\n                    9 Mai 2026                <\/span>\n                                        <span class=\"inline-flex text-lg text-black\/30 group-hover:text-white font-display\">\n                    15:00 \u279e 17:00                <\/span>\n                    <\/div>\n\n                <h3 class=\"mb-2 group-hover:text-white\">Gesunde Ern\u00e4hrung (HEKS Vitalina)<\/h3>\n\n                \n    <\/div>\n<\/a>\t\t\t\t\t\t\t\t\t\t\t<a href=\"https:\/\/maybeless-sugar.ch\/de\/agenda\/webinar-fuer-die-breite-oeffentlichkeit\/\" class=\"bg-gray-light rounded-xl overflow-hidden group hover:bg-primary transition-all post-9235 agenda type-agenda status-publish has-post-thumbnail hentry\">\n\n                <div class=\"relative p-4 bg-neutral-900 bg-opacity-80 overflow-hidden\">\n            <div class=\"absolute top-0 left-0 w-full h-full bg-center bg-no-repeat bg-cover blur-lg opacity-40\" style=\"background-image:url('https:\/\/maybeless-sugar.ch\/wp-content\/uploads\/2026\/04\/Capture-decran_28-4-2026_103711_www.bing_.com_.jpeg');\"><\/div>\n            <div class=\"relative aspect-square overflow-hidden\">\n                <div class=\"absolute top-0 left-0 w-full h-full bg-center bg-no-repeat bg-contain drop-shadow-md\" style=\"background-image:url('https:\/\/maybeless-sugar.ch\/wp-content\/uploads\/2026\/04\/Capture-decran_28-4-2026_103711_www.bing_.com_.jpeg');\"><\/div>\n            <\/div>\n        <\/div>\n    \n        <div class=\"p-8\">\n\n                    <div class=\"flex items-center gap-2 mb-4\">\n                <i class=\"text-primary fa-sharp fa-solid fa-location-dot group-hover:text-white\"><\/i>\n                <span class=\"text-xs font-bold text-gray-500 font-display group-hover:text-white\">Online<\/span>\n            <\/div>\n        \n                <div class=\"flex flex-col mb-4\">\n                            <span class=\"inline-flex text-lg text-primary group-hover:text-white font-display\">\n                    13 Mai 2026                <\/span>\n                                        <span class=\"inline-flex text-lg text-black\/30 group-hover:text-white font-display\">\n                    12:00 \u279e 13:00                <\/span>\n                    <\/div>\n\n                <h3 class=\"mb-2 group-hover:text-white\">Webinar f\u00fcr die breite \u00d6ffentlichkeit<\/h3>\n\n                \n    <\/div>\n<\/a>\t\t\t\t\t\t\t\t\t\t\t<a href=\"https:\/\/maybeless-sugar.ch\/de\/agenda\/cafe-glueck-thema-zucker\/\" class=\"bg-gray-light rounded-xl overflow-hidden group hover:bg-primary transition-all post-9197 agenda type-agenda status-publish has-post-thumbnail hentry\">\n\n                <div class=\"relative p-4 bg-neutral-900 bg-opacity-80 overflow-hidden\">\n            <div class=\"absolute top-0 left-0 w-full h-full bg-center bg-no-repeat bg-cover blur-lg opacity-40\" style=\"background-image:url('https:\/\/maybeless-sugar.ch\/wp-content\/uploads\/2026\/04\/original-8D8E4F8E-90E5-4265-BC40-090B6E5CCDAD-002-819x1024.png');\"><\/div>\n            <div class=\"relative aspect-square overflow-hidden\">\n                <div class=\"absolute top-0 left-0 w-full h-full bg-center bg-no-repeat bg-contain drop-shadow-md\" style=\"background-image:url('https:\/\/maybeless-sugar.ch\/wp-content\/uploads\/2026\/04\/original-8D8E4F8E-90E5-4265-BC40-090B6E5CCDAD-002-819x1024.png');\"><\/div>\n            <\/div>\n        <\/div>\n    \n        <div class=\"p-8\">\n\n                    <div class=\"flex items-center gap-2 mb-4\">\n                <i class=\"text-primary fa-sharp fa-solid fa-location-dot group-hover:text-white\"><\/i>\n                <span class=\"text-xs font-bold text-gray-500 font-display group-hover:text-white\">Basel<\/span>\n            <\/div>\n        \n                <div class=\"flex flex-col mb-4\">\n                            <span class=\"inline-flex text-lg text-primary group-hover:text-white font-display\">\n                    18 Mai 2026                <\/span>\n                                        <span class=\"inline-flex text-lg text-black\/30 group-hover:text-white font-display\">\n                    15:00 \u279e 17:00                <\/span>\n                    <\/div>\n\n                <h3 class=\"mb-2 group-hover:text-white\">Caf\u00e9 Gl\u00fcck: Thema &#8222;Zucker&#8220;<\/h3>\n\n                \n    <\/div>\n<\/a>\t\t\t\t\t\t\t\t\t\t\t<a href=\"https:\/\/maybeless-sugar.ch\/de\/agenda\/weniger-zucker-im-alltag\/\" class=\"bg-gray-light rounded-xl overflow-hidden group hover:bg-primary transition-all post-9213 agenda type-agenda status-publish has-post-thumbnail hentry\">\n\n                <div class=\"relative p-4 bg-neutral-900 bg-opacity-80 overflow-hidden\">\n            <div class=\"absolute top-0 left-0 w-full h-full bg-center bg-no-repeat bg-cover blur-lg opacity-40\" style=\"background-image:url('https:\/\/maybeless-sugar.ch\/wp-content\/uploads\/2026\/04\/original-ACB03CF4-30CF-4992-BE46-E82153BDB28D-819x1024.png');\"><\/div>\n            <div class=\"relative aspect-square overflow-hidden\">\n                <div class=\"absolute top-0 left-0 w-full h-full bg-center bg-no-repeat bg-contain drop-shadow-md\" style=\"background-image:url('https:\/\/maybeless-sugar.ch\/wp-content\/uploads\/2026\/04\/original-ACB03CF4-30CF-4992-BE46-E82153BDB28D-819x1024.png');\"><\/div>\n            <\/div>\n        <\/div>\n    \n        <div class=\"p-8\">\n\n                    <div class=\"flex items-center gap-2 mb-4\">\n                <i class=\"text-primary fa-sharp fa-solid fa-location-dot group-hover:text-white\"><\/i>\n                <span class=\"text-xs font-bold text-gray-500 font-display group-hover:text-white\">Z\u00fcrich<\/span>\n            <\/div>\n        \n                <div class=\"flex flex-col mb-4\">\n                            <span class=\"inline-flex text-lg text-primary group-hover:text-white font-display\">\n                    20 Mai 2026                <\/span>\n                                        <span class=\"inline-flex text-lg text-black\/30 group-hover:text-white font-display\">\n                    15:00 \u279e 16:30                <\/span>\n                    <\/div>\n\n                <h3 class=\"mb-2 group-hover:text-white\">Weniger Zucker im Alltag<\/h3>\n\n                \n    <\/div>\n<\/a>\t\t\t\t\t\t\t\t\t\t\t<a href=\"https:\/\/maybeless-sugar.ch\/de\/agenda\/webinar-fuer-fachpersonen\/\" class=\"bg-gray-light rounded-xl overflow-hidden group hover:bg-primary transition-all post-9237 agenda type-agenda status-publish has-post-thumbnail hentry\">\n\n                <div class=\"relative p-4 bg-neutral-900 bg-opacity-80 overflow-hidden\">\n            <div class=\"absolute top-0 left-0 w-full h-full bg-center bg-no-repeat bg-cover blur-lg opacity-40\" style=\"background-image:url('https:\/\/maybeless-sugar.ch\/wp-content\/uploads\/2026\/04\/Capture-decran_28-4-2026_103711_www.bing_.com_.jpeg');\"><\/div>\n            <div class=\"relative aspect-square overflow-hidden\">\n                <div class=\"absolute top-0 left-0 w-full h-full bg-center bg-no-repeat bg-contain drop-shadow-md\" style=\"background-image:url('https:\/\/maybeless-sugar.ch\/wp-content\/uploads\/2026\/04\/Capture-decran_28-4-2026_103711_www.bing_.com_.jpeg');\"><\/div>\n            <\/div>\n        <\/div>\n    \n        <div class=\"p-8\">\n\n                    <div class=\"flex items-center gap-2 mb-4\">\n                <i class=\"text-primary fa-sharp fa-solid fa-location-dot group-hover:text-white\"><\/i>\n                <span class=\"text-xs font-bold text-gray-500 font-display group-hover:text-white\">Online<\/span>\n            <\/div>\n        \n                <div class=\"flex flex-col mb-4\">\n                            <span class=\"inline-flex text-lg text-primary group-hover:text-white font-display\">\n                    22 Mai 2026                <\/span>\n                                        <span class=\"inline-flex text-lg text-black\/30 group-hover:text-white font-display\">\n                    12:00 \u279e 13:00                <\/span>\n                    <\/div>\n\n                <h3 class=\"mb-2 group-hover:text-white\">Webinar f\u00fcr Fachpersonen<\/h3>\n\n                \n    <\/div>\n<\/a>\t\t\t\t\t\t\t\t\t\t\t<a href=\"https:\/\/maybeless-sugar.ch\/de\/agenda\/weniger-zucker-im-alltag-2\/\" class=\"bg-gray-light rounded-xl overflow-hidden group hover:bg-primary transition-all post-9222 agenda type-agenda status-publish has-post-thumbnail hentry\">\n\n                <div class=\"relative p-4 bg-neutral-900 bg-opacity-80 overflow-hidden\">\n            <div class=\"absolute top-0 left-0 w-full h-full bg-center bg-no-repeat bg-cover blur-lg opacity-40\" style=\"background-image:url('https:\/\/maybeless-sugar.ch\/wp-content\/uploads\/2026\/04\/original-ACB03CF4-30CF-4992-BE46-E82153BDB28D-819x1024.png');\"><\/div>\n            <div class=\"relative aspect-square overflow-hidden\">\n                <div class=\"absolute top-0 left-0 w-full h-full bg-center bg-no-repeat bg-contain drop-shadow-md\" style=\"background-image:url('https:\/\/maybeless-sugar.ch\/wp-content\/uploads\/2026\/04\/original-ACB03CF4-30CF-4992-BE46-E82153BDB28D-819x1024.png');\"><\/div>\n            <\/div>\n        <\/div>\n    \n        <div class=\"p-8\">\n\n                    <div class=\"flex items-center gap-2 mb-4\">\n                <i class=\"text-primary fa-sharp fa-solid fa-location-dot group-hover:text-white\"><\/i>\n                <span class=\"text-xs font-bold text-gray-500 font-display group-hover:text-white\">Z\u00fcrich<\/span>\n            <\/div>\n        \n                <div class=\"flex flex-col mb-4\">\n                            <span class=\"inline-flex text-lg text-primary group-hover:text-white font-display\">\n                    27 Mai 2026                <\/span>\n                                        <span class=\"inline-flex text-lg text-black\/30 group-hover:text-white font-display\">\n                     \u279e 11:00                <\/span>\n                    <\/div>\n\n                <h3 class=\"mb-2 group-hover:text-white\">Weniger Zucker im Alltag<\/h3>\n\n                \n    <\/div>\n<\/a>\t\t\t\t\t<\/div>\n\t<\/div>\n\n<div style=\"height:100px\" aria-hidden=\"true\" class=\"wp-block-spacer\"><\/div>\n\n<h2 class=\"wp-block-heading\">R\u00fcckblick auf 2025<\/h2>\n\n<p>Im Mai 2025 fand die dritte Ausgabe von MAYbe Less Sugar in der ganzen Schweiz statt. Vielen Dank an alle Partner und Beteiligten f\u00fcr diesen sch\u00f6nen Monat Mai 2025.   <\/p>\n\n<p>Ausgabe von MAYbe Less Sugar wird im Mai 2026 stattfinden!<\/p>\n\n<p>Der Abschlussbericht f\u00fcr die Ausgabe 2024 ist <a href=\"https:\/\/maybeless-sugar.ch\/wp-content\/uploads\/2024\/09\/Rapport_Evaluation_MBLS_2024_VF.pdf\">hier<\/a> zu finden.  <\/p>\n\n<div style=\"height:100px\" aria-hidden=\"true\" class=\"wp-block-spacer\"><\/div>\n\n<h2 class=\"wp-block-heading\">R\u00fcckblick auf 2024  <\/h2>\n\n<p>Was f\u00fcr eine zweite Ausgabe! Die Ausgabe 2024 von MAYbe Less Sugar fand im Mai 2024 in der franz\u00f6sischen und deutschen Schweiz statt und erreichte mehr als 11.000 Menschen durch die digitale Kampagne und 16.000 Menschen durch die Veranstaltungen. MAYbe Less Sugar w\u00e4re nicht m\u00f6glich ohne die vielen Partner, denen wir von ganzem Herzen f\u00fcr ihre Beteiligung an dieser Aktion zur F\u00f6rderung der \u00f6ffentlichen Gesundheit danken. Wir sehen uns im Mai 2025 f\u00fcr die dritte Ausgabe von MAYbe Less Sugar.     <\/p>\n\n<p>Der Abschlussbericht f\u00fcr die Ausgabe 2024 ist <a href=\"https:\/\/maybeless-sugar.ch\/wp-content\/uploads\/2024\/09\/Rapport_Evaluation_MBLS_2024_VF.pdf\">hier<\/a> zu finden.  <\/p>\n\n<div style=\"height:100px\" aria-hidden=\"true\" class=\"wp-block-spacer\"><\/div>\n\n<h2 class=\"wp-block-heading\">R\u00fcckblick auf 2023<\/h2>\n\n<p>Die erste Ausgabe von MAYbe Less Sugar fand im Mai 2023 in der franz\u00f6sischen Schweiz statt &#8211; und weltweit \u00fcber diese Website und die Kampagne in den sozialen Netzwerken.<\/p>\n\n<p><strong>Insgesamt machten rund 7000 Personen mit.<\/strong> Wir bedanken uns herzlich bei den Partnern von MAYbe Less Sugar sowie allen Einzelpersonen und Organisationen, die zu diesem Erfolg beigetragen haben. Am 3. Juni 2023 konnten wir die ersten Ergebnisse vorstellen: Mit unserer Kampagne war es gelungen, den Zuckerkonsum in den Fokus der \u00f6ffentlichen Debatte zu r\u00fccken und das Bewusstsein f\u00fcr \u00fcberm\u00e4ssigen Zuckerkonsum zu sch\u00e4rfen. Denn dieses Problem betrifft in der Schweiz jede zweite Person.    <\/p>\n\n<p><a href=\"https:\/\/maybeless-sugar.ch\/wp-content\/uploads\/2023\/06\/Communique-de-presse-resultats-MAYbe-Less-Sugar.pdf\" target=\"_blank\" rel=\"noreferrer noopener\">Pressemitteilung vom 3. Juni 2023<\/a> ansehen<\/p>\n\n<div class=\"wp-block-buttons is-layout-flex wp-block-buttons-is-layout-flex\">\n<div class=\"wp-block-button\"><a class=\"wp-block-button__link wp-element-button\" href=\"https:\/\/youtu.be\/JDbeoepXmUA\" target=\"_blank\" rel=\"noreferrer noopener\">Pr\u00e4sentation der Ergebnisse<\/a><\/div>\n<\/div>\n\n<div style=\"height:100px\" aria-hidden=\"true\" class=\"wp-block-spacer\"><\/div>\n\n<div class=\"wp-block-buttons is-content-justification-center is-layout-flex wp-container-core-buttons-is-layout-16018d1d wp-block-buttons-is-layout-flex\">\n<div class=\"wp-block-button\"><a class=\"wp-block-button__link wp-element-button\" href=\"https:\/\/maybeless-sugar.ch\/de\/unterstuetzen-sie-die-aktion\/\">Ich unterst\u00fctze<\/a><\/div>\n<\/div>\n\n<div style=\"height:100px\" aria-hidden=\"true\" class=\"wp-block-spacer\"><\/div>\n","protected":false},"excerpt":{"rendered":"<p>R\u00fcckblick auf 2025 Im Mai 2025 fand die dritte Ausgabe von MAYbe Less Sugar in der ganzen Schweiz statt. Vielen Dank an alle Partner und Beteiligten f\u00fcr diesen sch\u00f6nen Monat Mai 2025. Ausgabe von MAYbe Less Sugar wird im Mai 2026 stattfinden! Der Abschlussbericht f\u00fcr die Ausgabe 2024 ist hier zu finden. R\u00fcckblick auf 2024 [&hellip;]<\/p>\n","protected":false},"author":41,"featured_media":8936,"parent":0,"menu_order":0,"comment_status":"closed","ping_status":"closed","template":"","meta":{"_acf_changed":false,"footnotes":""},"class_list":["post-3142","page","type-page","status-publish","has-post-thumbnail","hentry"],"acf":[],"yoast_head":"<!-- This site is optimized with the Yoast SEO plugin v27.5 - https:\/\/yoast.com\/product\/yoast-seo-wordpress\/ -->\n<title>Agenda - Maybeless sugar<\/title>\n<meta name=\"robots\" content=\"index, follow, max-snippet:-1, max-image-preview:large, max-video-preview:-1\" \/>\n<link rel=\"canonical\" href=\"https:\/\/maybeless-sugar.ch\/de\/agenda\/\" \/>\n<meta property=\"og:locale\" content=\"de_DE\" \/>\n<meta property=\"og:type\" content=\"article\" \/>\n<meta property=\"og:title\" content=\"Agenda - Maybeless sugar\" \/>\n<meta property=\"og:description\" content=\"R\u00fcckblick auf 2025 Im Mai 2025 fand die dritte Ausgabe von MAYbe Less Sugar in der ganzen Schweiz statt. Vielen Dank an alle Partner und Beteiligten f\u00fcr diesen sch\u00f6nen Monat Mai 2025. Ausgabe von MAYbe Less Sugar wird im Mai 2026 stattfinden! Der Abschlussbericht f\u00fcr die Ausgabe 2024 ist hier zu finden. R\u00fcckblick auf 2024 [&hellip;]\" \/>\n<meta property=\"og:url\" content=\"https:\/\/maybeless-sugar.ch\/de\/agenda\/\" \/>\n<meta property=\"og:site_name\" content=\"Maybeless sugar\" \/>\n<meta property=\"article:modified_time\" content=\"2026-04-21T06:23:13+00:00\" \/>\n<meta property=\"og:image\" content=\"https:\/\/maybeless-sugar.ch\/wp-content\/uploads\/2026\/04\/MAYBELESSSUGAR_logo_w_o.png\" \/>\n\t<meta property=\"og:image:width\" content=\"2134\" \/>\n\t<meta property=\"og:image:height\" content=\"2134\" \/>\n\t<meta property=\"og:image:type\" content=\"image\/png\" \/>\n<meta name=\"twitter:card\" content=\"summary_large_image\" \/>\n<meta name=\"twitter:label1\" content=\"Gesch\u00e4tzte Lesezeit\" \/>\n\t<meta name=\"twitter:data1\" content=\"2\u00a0Minuten\" \/>\n<script type=\"application\/ld+json\" class=\"yoast-schema-graph\">{\"@context\":\"https:\\\/\\\/schema.org\",\"@graph\":[{\"@type\":\"WebPage\",\"@id\":\"https:\\\/\\\/maybeless-sugar.ch\\\/de\\\/agenda\\\/\",\"url\":\"https:\\\/\\\/maybeless-sugar.ch\\\/de\\\/agenda\\\/\",\"name\":\"Agenda - Maybeless sugar\",\"isPartOf\":{\"@id\":\"https:\\\/\\\/maybeless-sugar.ch\\\/de\\\/#website\"},\"primaryImageOfPage\":{\"@id\":\"https:\\\/\\\/maybeless-sugar.ch\\\/de\\\/agenda\\\/#primaryimage\"},\"image\":{\"@id\":\"https:\\\/\\\/maybeless-sugar.ch\\\/de\\\/agenda\\\/#primaryimage\"},\"thumbnailUrl\":\"https:\\\/\\\/maybeless-sugar.ch\\\/wp-content\\\/uploads\\\/2026\\\/04\\\/MAYBELESSSUGAR_logo_w_o.png\",\"datePublished\":\"2023-03-08T11:54:36+00:00\",\"dateModified\":\"2026-04-21T06:23:13+00:00\",\"breadcrumb\":{\"@id\":\"https:\\\/\\\/maybeless-sugar.ch\\\/de\\\/agenda\\\/#breadcrumb\"},\"inLanguage\":\"de\",\"potentialAction\":[{\"@type\":\"ReadAction\",\"target\":[\"https:\\\/\\\/maybeless-sugar.ch\\\/de\\\/agenda\\\/\"]}]},{\"@type\":\"ImageObject\",\"inLanguage\":\"de\",\"@id\":\"https:\\\/\\\/maybeless-sugar.ch\\\/de\\\/agenda\\\/#primaryimage\",\"url\":\"https:\\\/\\\/maybeless-sugar.ch\\\/wp-content\\\/uploads\\\/2026\\\/04\\\/MAYBELESSSUGAR_logo_w_o.png\",\"contentUrl\":\"https:\\\/\\\/maybeless-sugar.ch\\\/wp-content\\\/uploads\\\/2026\\\/04\\\/MAYBELESSSUGAR_logo_w_o.png\",\"width\":2134,\"height\":2134},{\"@type\":\"BreadcrumbList\",\"@id\":\"https:\\\/\\\/maybeless-sugar.ch\\\/de\\\/agenda\\\/#breadcrumb\",\"itemListElement\":[{\"@type\":\"ListItem\",\"position\":1,\"name\":\"Home\",\"item\":\"https:\\\/\\\/maybeless-sugar.ch\\\/de\\\/home-2023\\\/\"},{\"@type\":\"ListItem\",\"position\":2,\"name\":\"Agenda\"}]},{\"@type\":\"WebSite\",\"@id\":\"https:\\\/\\\/maybeless-sugar.ch\\\/de\\\/#website\",\"url\":\"https:\\\/\\\/maybeless-sugar.ch\\\/de\\\/\",\"name\":\"Maybeless sugar\",\"description\":\"Doux mois de mai moins sucr\u00e9\",\"publisher\":{\"@id\":\"https:\\\/\\\/maybeless-sugar.ch\\\/de\\\/#organization\"},\"potentialAction\":[{\"@type\":\"SearchAction\",\"target\":{\"@type\":\"EntryPoint\",\"urlTemplate\":\"https:\\\/\\\/maybeless-sugar.ch\\\/de\\\/?s={search_term_string}\"},\"query-input\":{\"@type\":\"PropertyValueSpecification\",\"valueRequired\":true,\"valueName\":\"search_term_string\"}}],\"inLanguage\":\"de\"},{\"@type\":\"Organization\",\"@id\":\"https:\\\/\\\/maybeless-sugar.ch\\\/de\\\/#organization\",\"name\":\"Maybeless sugar\",\"url\":\"https:\\\/\\\/maybeless-sugar.ch\\\/de\\\/\",\"logo\":{\"@type\":\"ImageObject\",\"inLanguage\":\"de\",\"@id\":\"https:\\\/\\\/maybeless-sugar.ch\\\/de\\\/#\\\/schema\\\/logo\\\/image\\\/\",\"url\":\"https:\\\/\\\/maybeless-sugar.ch\\\/wp-content\\\/uploads\\\/2025\\\/03\\\/MAYBELESSSUGAR_logo_all_v_w.png\",\"contentUrl\":\"https:\\\/\\\/maybeless-sugar.ch\\\/wp-content\\\/uploads\\\/2025\\\/03\\\/MAYBELESSSUGAR_logo_all_v_w.png\",\"width\":2025,\"height\":1471,\"caption\":\"Maybeless sugar\"},\"image\":{\"@id\":\"https:\\\/\\\/maybeless-sugar.ch\\\/de\\\/#\\\/schema\\\/logo\\\/image\\\/\"}}]}<\/script>\n<!-- \/ Yoast SEO plugin. -->","yoast_head_json":{"title":"Agenda - Maybeless sugar","robots":{"index":"index","follow":"follow","max-snippet":"max-snippet:-1","max-image-preview":"max-image-preview:large","max-video-preview":"max-video-preview:-1"},"canonical":"https:\/\/maybeless-sugar.ch\/de\/agenda\/","og_locale":"de_DE","og_type":"article","og_title":"Agenda - Maybeless sugar","og_description":"R\u00fcckblick auf 2025 Im Mai 2025 fand die dritte Ausgabe von MAYbe Less Sugar in der ganzen Schweiz statt. Vielen Dank an alle Partner und Beteiligten f\u00fcr diesen sch\u00f6nen Monat Mai 2025. Ausgabe von MAYbe Less Sugar wird im Mai 2026 stattfinden! Der Abschlussbericht f\u00fcr die Ausgabe 2024 ist hier zu finden. R\u00fcckblick auf 2024 [&hellip;]","og_url":"https:\/\/maybeless-sugar.ch\/de\/agenda\/","og_site_name":"Maybeless sugar","article_modified_time":"2026-04-21T06:23:13+00:00","og_image":[{"width":2134,"height":2134,"url":"https:\/\/maybeless-sugar.ch\/wp-content\/uploads\/2026\/04\/MAYBELESSSUGAR_logo_w_o.png","type":"image\/png"}],"twitter_card":"summary_large_image","twitter_misc":{"Gesch\u00e4tzte Lesezeit":"2\u00a0Minuten"},"schema":{"@context":"https:\/\/schema.org","@graph":[{"@type":"WebPage","@id":"https:\/\/maybeless-sugar.ch\/de\/agenda\/","url":"https:\/\/maybeless-sugar.ch\/de\/agenda\/","name":"Agenda - Maybeless sugar","isPartOf":{"@id":"https:\/\/maybeless-sugar.ch\/de\/#website"},"primaryImageOfPage":{"@id":"https:\/\/maybeless-sugar.ch\/de\/agenda\/#primaryimage"},"image":{"@id":"https:\/\/maybeless-sugar.ch\/de\/agenda\/#primaryimage"},"thumbnailUrl":"https:\/\/maybeless-sugar.ch\/wp-content\/uploads\/2026\/04\/MAYBELESSSUGAR_logo_w_o.png","datePublished":"2023-03-08T11:54:36+00:00","dateModified":"2026-04-21T06:23:13+00:00","breadcrumb":{"@id":"https:\/\/maybeless-sugar.ch\/de\/agenda\/#breadcrumb"},"inLanguage":"de","potentialAction":[{"@type":"ReadAction","target":["https:\/\/maybeless-sugar.ch\/de\/agenda\/"]}]},{"@type":"ImageObject","inLanguage":"de","@id":"https:\/\/maybeless-sugar.ch\/de\/agenda\/#primaryimage","url":"https:\/\/maybeless-sugar.ch\/wp-content\/uploads\/2026\/04\/MAYBELESSSUGAR_logo_w_o.png","contentUrl":"https:\/\/maybeless-sugar.ch\/wp-content\/uploads\/2026\/04\/MAYBELESSSUGAR_logo_w_o.png","width":2134,"height":2134},{"@type":"BreadcrumbList","@id":"https:\/\/maybeless-sugar.ch\/de\/agenda\/#breadcrumb","itemListElement":[{"@type":"ListItem","position":1,"name":"Home","item":"https:\/\/maybeless-sugar.ch\/de\/home-2023\/"},{"@type":"ListItem","position":2,"name":"Agenda"}]},{"@type":"WebSite","@id":"https:\/\/maybeless-sugar.ch\/de\/#website","url":"https:\/\/maybeless-sugar.ch\/de\/","name":"Maybeless sugar","description":"Doux mois de mai moins sucr\u00e9","publisher":{"@id":"https:\/\/maybeless-sugar.ch\/de\/#organization"},"potentialAction":[{"@type":"SearchAction","target":{"@type":"EntryPoint","urlTemplate":"https:\/\/maybeless-sugar.ch\/de\/?s={search_term_string}"},"query-input":{"@type":"PropertyValueSpecification","valueRequired":true,"valueName":"search_term_string"}}],"inLanguage":"de"},{"@type":"Organization","@id":"https:\/\/maybeless-sugar.ch\/de\/#organization","name":"Maybeless sugar","url":"https:\/\/maybeless-sugar.ch\/de\/","logo":{"@type":"ImageObject","inLanguage":"de","@id":"https:\/\/maybeless-sugar.ch\/de\/#\/schema\/logo\/image\/","url":"https:\/\/maybeless-sugar.ch\/wp-content\/uploads\/2025\/03\/MAYBELESSSUGAR_logo_all_v_w.png","contentUrl":"https:\/\/maybeless-sugar.ch\/wp-content\/uploads\/2025\/03\/MAYBELESSSUGAR_logo_all_v_w.png","width":2025,"height":1471,"caption":"Maybeless sugar"},"image":{"@id":"https:\/\/maybeless-sugar.ch\/de\/#\/schema\/logo\/image\/"}}]}},"_links":{"self":[{"href":"https:\/\/maybeless-sugar.ch\/de\/wp-json\/wp\/v2\/pages\/3142","targetHints":{"allow":["GET"]}}],"collection":[{"href":"https:\/\/maybeless-sugar.ch\/de\/wp-json\/wp\/v2\/pages"}],"about":[{"href":"https:\/\/maybeless-sugar.ch\/de\/wp-json\/wp\/v2\/types\/page"}],"author":[{"embeddable":true,"href":"https:\/\/maybeless-sugar.ch\/de\/wp-json\/wp\/v2\/users\/41"}],"replies":[{"embeddable":true,"href":"https:\/\/maybeless-sugar.ch\/de\/wp-json\/wp\/v2\/comments?post=3142"}],"version-history":[{"count":2,"href":"https:\/\/maybeless-sugar.ch\/de\/wp-json\/wp\/v2\/pages\/3142\/revisions"}],"predecessor-version":[{"id":9005,"href":"https:\/\/maybeless-sugar.ch\/de\/wp-json\/wp\/v2\/pages\/3142\/revisions\/9005"}],"wp:featuredmedia":[{"embeddable":true,"href":"https:\/\/maybeless-sugar.ch\/de\/wp-json\/wp\/v2\/media\/8936"}],"wp:attachment":[{"href":"https:\/\/maybeless-sugar.ch\/de\/wp-json\/wp\/v2\/media?parent=3142"}],"curies":[{"name":"wp","href":"https:\/\/api.w.org\/{rel}","templated":true}]}}